{"id":28,"date":"2020-01-23T17:43:47","date_gmt":"2020-01-23T16:43:47","guid":{"rendered":"http:\/\/champdelaunay.com\/?page_id=28"},"modified":"2025-01-07T16:24:14","modified_gmt":"2025-01-07T15:24:14","slug":"les-lodges-safaris","status":"publish","type":"page","link":"https:\/\/champdelaunay.com\/index.php\/les-lodges-safaris\/","title":{"rendered":"Les tentes"},"content":{"rendered":"<div class=\"wp-block-image\">\n<figure class=\"aligncenter size-large\"><img loading=\"lazy\" decoding=\"async\" width=\"1021\" height=\"163\" src=\"http:\/\/champdelaunay.com\/wp-content\/uploads\/2020\/07\/top-safari-2-2.jpg\" alt=\"\" class=\"wp-image-1067\" srcset=\"https:\/\/champdelaunay.com\/wp-content\/uploads\/2020\/07\/top-safari-2-2.jpg 1021w, https:\/\/champdelaunay.com\/wp-content\/uploads\/2020\/07\/top-safari-2-2-300x48.jpg 300w, https:\/\/champdelaunay.com\/wp-content\/uploads\/2020\/07\/top-safari-2-2-768x123.jpg 768w\" sizes=\"auto, (max-width: 1021px) 100vw, 1021px\" \/><\/figure>\n<\/div>\n\n\n<div class=\"wp-block-columns is-layout-flex wp-container-core-columns-is-layout-9d6595d7 wp-block-columns-is-layout-flex\">\n<div class=\"wp-block-column is-layout-flow wp-block-column-is-layout-flow\">\n<h1 class=\"wp-block-heading\">Les 3 tentes &#8230;<\/h1>\n\n\n\n<p>Avec 16 couchages dont :<\/p>\n\n\n\n<p>La tente \u00ab\u00a0<em>Calvi\u00a0\u00bb<\/em>, pour 5 personnes, avec 2 lits doubles dans 2 cabines s\u00e9par\u00e9es et 1 lit simple.<\/p>\n\n\n\n<p>La tente \u00ab\u00a0Cox\u00a0\u00bb, pour 5 personnes, avec 1 lit double et 1 lit superpos\u00e9 (2 lits simples) dans 2 cabines s\u00e9par\u00e9es et 1 lit simple.<\/p>\n\n\n\n<p>La tente \u00ab\u00a0<em>Canada\u00a0\u00bb,<\/em> pour 6 personnes, avec 2 lits doubles dans 2 cabines s\u00e9par\u00e9es et 1 lit superpos\u00e9 (2 lits simples).<\/p>\n\n\n\n<p>A proximit\u00e9, un bloc sanitaire avec douches et WC, est accessible \u00e0 l&rsquo;arri\u00e8re du Pressoir.<\/p>\n\n\n\n<p>Le linge de lit est fourni et les lits sont faits.<\/p>\n\n\n\n<p>Les tentes ne sont pas chauff\u00e9es.<\/p>\n\n\n\n<p>Elles sont propos\u00e9es de d\u00e9but mai \u00e0 fin septembre.<\/p>\n\n\n\n<p>Nous vous invitons \u00e0 d\u00e9couvrir des photos de ces h\u00e9bergements.<\/p>\n\n\n\n<p><\/p>\n<\/div>\n\n\n\n<div class=\"wp-block-column is-layout-flow wp-block-column-is-layout-flow\"><style>#sp-wp-carousel-free-id-1079.sp-wpcp-1079 .wpcp-single-item {\n\t\tborder: 1px solid #016b2b;\n\t}\n\t#sp-wp-carousel-free-id-1079.sp-wpcp-1079 .slick-prev,\n\t#sp-wp-carousel-free-id-1079.sp-wpcp-1079 .slick-next,\n\t#sp-wp-carousel-free-id-1079.sp-wpcp-1079 .slick-prev:hover,\n\t#sp-wp-carousel-free-id-1079.sp-wpcp-1079 .slick-next:hover {\n\t\tbackground: none;\n\t\tborder: none;\n\t\tfont-size: 30px;\n\t}\n\t#sp-wp-carousel-free-id-1079.sp-wpcp-1079 .slick-prev i,\n\t#sp-wp-carousel-free-id-1079.sp-wpcp-1079 .slick-next i {\n\t\tcolor: #216d34;\n\t}\n\t#sp-wp-carousel-free-id-1079.sp-wpcp-1079 .slick-prev i:hover,\n\t#sp-wp-carousel-free-id-1079.sp-wpcp-1079 .slick-next i:hover {\n\t\tcolor: #63a031;\n\t}\n\t#sp-wp-carousel-free-id-1079.sp-wpcp-1079 ul.slick-dots li button {\n\t\tbackground-color: #cccccc;\n\t}\n\t#sp-wp-carousel-free-id-1079.sp-wpcp-1079 ul.slick-dots li.slick-active button {\n\t\tbackground-color: #1e5959;\n\t}\n\t\n\t\t.wpcp-carousel-wrapper.wpcp-wrapper-1079{\n\t\t\tposition: relative;\n\t\t}\n\t\t#sp-wp-carousel-free-id-1079{\n\t\t\topacity: 0;\n\t\t}\n\t\t#wpcp-preloader-1079{\n\t\t\tposition: absolute;\n\t\t\tleft: 0;\n\t\t\ttop: 0;\n\t\t\theight: 100%;\n\t\t\twidth: 100%;\n\t\t\ttext-align: center;\n\t\t\tdisplay: flex;\n\t\t\talign-items: center;\n\t\t\tjustify-content: center;\n\t\t}\n\t\t\n\t@media screen and (max-width: 479px) {\n\t\t#sp-wp-carousel-free-id-1079.nav-vertical-center {\n\t\t\tpadding: 0;\n\t\t}\n\t}<\/style><div class=\"wpcp-carousel-wrapper wpcp-wrapper-1079\"><div id=\"wpcp-preloader-1079\" class=\"wpcp-carousel-preloader\"><img decoding=\"async\" src=\" https:\/\/champdelaunay.com\/wp-content\/plugins\/wp-carousel-free\/public\/css\/ajax-loader.gif \"\/><\/div><div id=\"sp-wp-carousel-free-id-1079\" class=\"wpcp-carousel-section sp-wpcp-1079 nav-vertical-center wpcp-image-carousel wpcp-preloader wpcp-standard\" data-slick='{ \"accessibility\":true, \"arrows\":true, \"autoplay\":true, \"autoplaySpeed\":3000, \"dots\":true, \"infinite\":true, \"speed\":600, \"pauseOnHover\":true, \"slidesToShow\":1, \"responsive\":[ { \"breakpoint\":1200, \"settings\": { \"slidesToShow\":1 } }, { \"breakpoint\":980, \"settings\":{ \"slidesToShow\":1 } }, { \"breakpoint\":736, \"settings\": { \"slidesToShow\":1 } }, {\"breakpoint\":480, \"settings\":{ \"slidesToShow\":1, \"arrows\": false, \"dots\": true } } ], \"swipe\": true, \"swipeToSlide\": true, \"draggable\": true }'  dir=\"ltr\"><div class=\"wpcp-single-item\"><div class=\"wpcp-slide-image\"><img loading=\"lazy\" decoding=\"async\" src=\"https:\/\/champdelaunay.com\/wp-content\/uploads\/2022\/06\/2-1-768x576.jpg\" alt=\"2\" width=\"768\" height=\"576\"><\/div><\/div><div class=\"wpcp-single-item\"><div class=\"wpcp-slide-image\"><img loading=\"lazy\" decoding=\"async\" src=\"https:\/\/champdelaunay.com\/wp-content\/uploads\/2022\/06\/3-768x576.jpg\" alt=\"3\" width=\"768\" height=\"576\"><\/div><\/div><div class=\"wpcp-single-item\"><div class=\"wpcp-slide-image\"><img loading=\"lazy\" decoding=\"async\" src=\"https:\/\/champdelaunay.com\/wp-content\/uploads\/2022\/06\/20210706_182010-768x576.jpg\" alt=\"20210706_182010\" width=\"768\" height=\"576\"><\/div><\/div><\/div><\/div>\n<\/div>\n<\/div>\n\n\n\n<iframe loading=\"lazy\" id=\"visite\" title=\"Visite virtuelle\" src=\"\/visite\/panoramic.php?firstScene=safaris\" style=\"padding:0;margin:0\" width=\"100%\" height=\"450px\">\n<\/iframe>\n","protected":false},"excerpt":{"rendered":"<p>Les 3 tentes &#8230; Avec 16 couchages dont : La tente \u00ab\u00a0Calvi\u00a0\u00bb, pour 5 personnes, avec 2 lits doubles dans 2 cabines s\u00e9par\u00e9es et 1 lit simple. La tente \u00ab\u00a0Cox\u00a0\u00bb, pour 5 personnes, avec 1 lit double et 1 lit superpos\u00e9 (2 lits simples) dans 2 cabines s\u00e9par\u00e9es et 1 lit simple. La tente \u00ab\u00a0Canada\u00a0\u00bb, &#8230; <a title=\"Les tentes\" class=\"read-more\" href=\"https:\/\/champdelaunay.com\/index.php\/les-lodges-safaris\/\">Lire la suite <span class=\"screen-reader-text\">Les tentes<\/span><\/a><\/p>\n","protected":false},"author":1,"featured_media":0,"parent":0,"menu_order":0,"comment_status":"closed","ping_status":"closed","template":"","meta":{"ngg_post_thumbnail":0,"footnotes":""},"class_list":["post-28","page","type-page","status-publish"],"_links":{"self":[{"href":"https:\/\/champdelaunay.com\/index.php\/wp-json\/wp\/v2\/pages\/28","targetHints":{"allow":["GET"]}}],"collection":[{"href":"https:\/\/champdelaunay.com\/index.php\/wp-json\/wp\/v2\/pages"}],"about":[{"href":"https:\/\/champdelaunay.com\/index.php\/wp-json\/wp\/v2\/types\/page"}],"author":[{"embeddable":true,"href":"https:\/\/champdelaunay.com\/index.php\/wp-json\/wp\/v2\/users\/1"}],"replies":[{"embeddable":true,"href":"https:\/\/champdelaunay.com\/index.php\/wp-json\/wp\/v2\/comments?post=28"}],"version-history":[{"count":21,"href":"https:\/\/champdelaunay.com\/index.php\/wp-json\/wp\/v2\/pages\/28\/revisions"}],"predecessor-version":[{"id":2368,"href":"https:\/\/champdelaunay.com\/index.php\/wp-json\/wp\/v2\/pages\/28\/revisions\/2368"}],"wp:attachment":[{"href":"https:\/\/champdelaunay.com\/index.php\/wp-json\/wp\/v2\/media?parent=28"}],"curies":[{"name":"wp","href":"https:\/\/api.w.org\/{rel}","templated":true}]}}